{"id":3650,"date":"2026-02-02T12:24:56","date_gmt":"2026-02-02T11:24:56","guid":{"rendered":"https:\/\/mit-menschen-wuppertal.de\/?post_type=termin&#038;p=3650"},"modified":"2026-03-19T12:58:42","modified_gmt":"2026-03-19T11:58:42","slug":"backen-erwachsene-jeden-2-sonntag-im-monat","status":"publish","type":"termin","link":"https:\/\/mit-menschen-wuppertal.de\/leicht\/termin\/backen-erwachsene-jeden-2-sonntag-im-monat\/","title":{"rendered":"Backen &#8211; Erwachsene (jeden 2. Sonntag im Monat)"},"content":{"rendered":"\n<p>Lecker, wir backen gemeinsam tolle Sachen. Ob einen Kuchen, Muffins oder doch einmal Belgische Waffeln. Hier kommen jedes \u201eSchleckermaul\u201c zum Genuss.<\/p>\n\n\n\n<p>W\u00fcnsche k\u00f6nnen der Kursleitung mitgeteilt werden, wir versuchen so viel m\u00f6glich zu machen wie es geht.<\/p>\n\n\n\n<p><strong>Kosten:<\/strong><strong><\/strong><\/p>\n\n\n\n<p>45,- Euro pro Monat Assistenz \/ Leitung<\/p>\n\n\n\n<p>(quartalweise Abrechnung: 135,- pro Quartal)<\/p>\n\n\n\n<p>wenn Sie eine Einzelbegleitung brauchen, kommen noch zus\u00e4tzliche Assistenzkosten auf Sie zu.<\/p>\n\n\n\n<p><strong>Wo:<\/strong><\/p>\n\n\n\n<p>Ladenlokal \u201cmittendrin\u201d<\/p>\n\n\n\n<p>Friedrich-Ebert Str. 89, 42103 Wuppertal<\/p>\n\n\n\n<p><\/p>\n","protected":false},"excerpt":{"rendered":"<p>Lecker, wir backen gemeinsam tolle Sachen. Ob einen Kuchen, Muffins oder doch einmal Belgische Waffeln. Hier kommen jedes \u201eSchleckermaul\u201c zum Genuss. W\u00fcnsche k\u00f6nnen der Kursleitung mitgeteilt werden, wir versuchen so viel m\u00f6glich zu machen wie es geht. Kosten: 45,- Euro pro Monat Assistenz \/ Leitung (quartalweise Abrechnung: 135,- pro Quartal) wenn Sie eine Einzelbegleitung brauchen,&#8230;<\/p>\n","protected":false},"author":6,"featured_media":0,"parent":0,"template":"","meta":{"_acf_changed":false,"_kad_blocks_custom_css":"","_kad_blocks_head_custom_js":"","_kad_blocks_body_custom_js":"","_kad_blocks_footer_custom_js":"","_kad_post_transparent":"","_kad_post_title":"","_kad_post_layout":"","_kad_post_sidebar_id":"","_kad_post_content_style":"","_kad_post_vertical_padding":"","_kad_post_feature":"","_kad_post_feature_position":"","_kad_post_header":false,"_kad_post_footer":false,"_kad_post_classname":"","footnotes":""},"categories":[50],"tags":[],"class_list":["post-3650","termin","type-termin","status-publish","hentry","category-gruppen"],"acf":[],"taxonomy_info":{"category":[{"value":50,"label":"Gruppen"}]},"featured_image_src_large":false,"author_info":{"display_name":"Katharina.Scheil","author_link":"https:\/\/mit-menschen-wuppertal.de\/leicht\/author\/katharina-scheil\/"},"comment_info":"","_links":{"self":[{"href":"https:\/\/mit-menschen-wuppertal.de\/leicht\/wp-json\/wp\/v2\/termin\/3650","targetHints":{"allow":["GET"]}}],"collection":[{"href":"https:\/\/mit-menschen-wuppertal.de\/leicht\/wp-json\/wp\/v2\/termin"}],"about":[{"href":"https:\/\/mit-menschen-wuppertal.de\/leicht\/wp-json\/wp\/v2\/types\/termin"}],"author":[{"embeddable":true,"href":"https:\/\/mit-menschen-wuppertal.de\/leicht\/wp-json\/wp\/v2\/users\/6"}],"version-history":[{"count":2,"href":"https:\/\/mit-menschen-wuppertal.de\/leicht\/wp-json\/wp\/v2\/termin\/3650\/revisions"}],"predecessor-version":[{"id":3705,"href":"https:\/\/mit-menschen-wuppertal.de\/leicht\/wp-json\/wp\/v2\/termin\/3650\/revisions\/3705"}],"wp:attachment":[{"href":"https:\/\/mit-menschen-wuppertal.de\/leicht\/wp-json\/wp\/v2\/media?parent=3650"}],"wp:term":[{"taxonomy":"category","embeddable":true,"href":"https:\/\/mit-menschen-wuppertal.de\/leicht\/wp-json\/wp\/v2\/categories?post=3650"},{"taxonomy":"post_tag","embeddable":true,"href":"https:\/\/mit-menschen-wuppertal.de\/leicht\/wp-json\/wp\/v2\/tags?post=3650"}],"curies":[{"name":"wp","href":"https:\/\/api.w.org\/{rel}","templated":true}]}}